{"id":3915,"date":"2021-09-13T17:16:08","date_gmt":"2021-09-13T17:16:08","guid":{"rendered":"https:\/\/aims-senegal.org\/?post_type=event&#038;p=3915"},"modified":"2021-09-13T17:16:10","modified_gmt":"2021-09-13T17:16:10","slug":"united-nations-day-for-south-south-cooperation","status":"publish","type":"event","link":"https:\/\/aims-senegal.org\/fr\/event\/united-nations-day-for-south-south-cooperation\/","title":{"rendered":"United Nations Day for South-South Coop\u00e9ration"},"content":{"rendered":"<p>Les coop\u00e9rations entre les peuples et les pays du Sud sont cruciales pour le d\u00e9veloppement socio-\u00e9conomique de l\u2019ensemble de l\u2019Afrique. Aujourd\u2019hui plus que jamais, la pand\u00e9mie de COVID-19 rend ces coop\u00e9rations plus b\u00e9n\u00e9fiques. L\u2019AIMS s\u2019appuie sur des partenariats avec des institutions du Sud pour pr\u00e9parer les jeunes Africains les plus brillants au march\u00e9 du travail. Aujourd\u2019hui, nous c\u00e9l\u00e9brons tous nos partenaires qui croient, comme nous, qu\u2019investir dans la jeunesse africaine est le chemin le plus s\u00fbr vers l\u2019\u00e9mergence du continent pour un avenir r\u00e9silient et durable.<\/p>\n\n\n\n<figure class=\"wp-block-image size-large is-resized\"><img decoding=\"async\" loading=\"lazy\" src=\"https:\/\/aims-senegal.org\/wp-content\/uploads\/sites\/2\/2021\/09\/SSC-Statement-1024x649.jpg\" alt=\"\" class=\"wp-image-3911\" width=\"253\" height=\"155\" \/><\/figure>","protected":false},"excerpt":{"rendered":"<p>Les coop\u00e9rations entre les peuples et les pays du Sud sont cruciales pour le d\u00e9veloppement socio-\u00e9conomique de l\u2019ensemble de l\u2019Afrique. Aujourd\u2019hui plus que jamais, la pand\u00e9mie de COVID-19 rend ces coop\u00e9rations plus b\u00e9n\u00e9fiques. L\u2019AIMS s\u2019appuie sur des partenariats avec des institutions du Sud pour pr\u00e9parer les jeunes Africains les plus brillants au march\u00e9 du travail.<\/p>","protected":false},"author":21,"featured_media":3910,"parent":0,"template":"","meta":{"advgb_blocks_editor_width":"","advgb_blocks_columns_visual_guide":""},"tags":[],"event_types":[28],"event_times":[],"acf":[],"featured_img":"https:\/\/aims-senegal.org\/wp-content\/uploads\/sites\/2\/2021\/09\/SSC-Visual.jpg","coauthors":[],"author_meta":{"author_link":"https:\/\/aims-senegal.org\/fr\/author\/salif\/","display_name":"salif"},"relative_dates":{"created":"Publi\u00e9 5 ans il y a","modified":"Mis \u00e0 jour 5 ans il y a"},"absolute_dates":{"created":"Publi\u00e9 le septembre 13, 2021","modified":"Mise \u00e0 jour le septembre 13, 2021"},"absolute_dates_time":{"created":"Publi\u00e9 le septembre 13, 2021 5:16  ","modified":"Mise \u00e0 jour le septembre 13, 2021 5:16  "},"featured_img_caption":"","tax_additional":{"post_tag":{"linked":[],"unlinked":[],"slug":"post_tag","name":"\u00c9tiquettes"},"event_types":{"linked":["<a href=\"https:\/\/aims-senegal.org\/fr\/event_type\/public\/\" class=\"advgb-post-tax-term\">Public<\/a>"],"unlinked":["<span class=\"advgb-post-tax-term\">Public<\/span>"],"slug":"event_types","name":"Event Type"},"event_times":{"linked":[],"unlinked":[],"slug":"event_times","name":"Event Time"}},"series_order":"","_links":{"self":[{"href":"https:\/\/aims-senegal.org\/fr\/wp-json\/wp\/v2\/event\/3915"}],"collection":[{"href":"https:\/\/aims-senegal.org\/fr\/wp-json\/wp\/v2\/event"}],"about":[{"href":"https:\/\/aims-senegal.org\/fr\/wp-json\/wp\/v2\/types\/event"}],"author":[{"embeddable":true,"href":"https:\/\/aims-senegal.org\/fr\/wp-json\/wp\/v2\/users\/21"}],"version-history":[{"count":2,"href":"https:\/\/aims-senegal.org\/fr\/wp-json\/wp\/v2\/event\/3915\/revisions"}],"predecessor-version":[{"id":3917,"href":"https:\/\/aims-senegal.org\/fr\/wp-json\/wp\/v2\/event\/3915\/revisions\/3917"}],"wp:featuredmedia":[{"embeddable":true,"href":"https:\/\/aims-senegal.org\/fr\/wp-json\/wp\/v2\/media\/3910"}],"wp:attachment":[{"href":"https:\/\/aims-senegal.org\/fr\/wp-json\/wp\/v2\/media?parent=3915"}],"wp:term":[{"taxonomy":"post_tag","embeddable":true,"href":"https:\/\/aims-senegal.org\/fr\/wp-json\/wp\/v2\/tags?post=3915"},{"taxonomy":"event_types","embeddable":true,"href":"https:\/\/aims-senegal.org\/fr\/wp-json\/wp\/v2\/event_types?post=3915"},{"taxonomy":"event_times","embeddable":true,"href":"https:\/\/aims-senegal.org\/fr\/wp-json\/wp\/v2\/event_times?post=3915"}],"curies":[{"name":"wp","href":"https:\/\/api.w.org\/{rel}","templated":true}]}}