{"id":4387,"date":"2022-02-18T20:53:32","date_gmt":"2022-02-18T20:53:32","guid":{"rendered":"https:\/\/aims-senegal.org\/?post_type=event&#038;p=4387"},"modified":"2022-02-18T21:03:55","modified_gmt":"2022-02-18T21:03:55","slug":"final-gala-de-football-aims-senegal-1er-edition","status":"publish","type":"event","link":"https:\/\/aims-senegal.org\/fr\/event\/final-gala-de-football-aims-senegal-1er-edition\/","title":{"rendered":"FINALE GALA DE FOOTBALL AIMS SENEGAL 1er Edition"},"content":{"rendered":"<p>AIMS S\u00e9n\u00e9gal est heureux de vous pr\u00e9senter la final d la premi\u00e8re \u00e9dition du tournoi d football d AIMS S\u00e9n\u00e9gal qui aura lieu ce  samedi 19  f\u00e9vrier 2022 \u00e0 16 H au centre sportif de Keur Madior.<\/p>\n\n\n\n<p>Cet \u00e9v\u00e9nement a \u00e9t\u00e9 organis\u00e9 en marge de la c\u00e9l\u00e9bration des 10 ans d\u2019existence d\u2019AIMS S\u00e9n\u00e9gal dans le but de communier avec la jeunesse Mbouroise, de pr\u00e9senter les valeurs et la mission communautaire de AIMS .<\/p>","protected":false},"excerpt":{"rendered":"<p>AIMS S\u00e9n\u00e9gal est heureux de vous pr\u00e9senter la final d la premi\u00e8re \u00e9dition du tournoi d football d AIMS S\u00e9n\u00e9gal qui aura lieu ce samedi 19 f\u00e9vrier 2022 \u00e0 16 H au centre sportif de Keur Madior. Cet \u00e9v\u00e9nement a \u00e9t\u00e9 organis\u00e9 en marge de la c\u00e9l\u00e9bration des 10 ans d\u2019existence d\u2019AIMS S\u00e9n\u00e9gal dans le<\/p>","protected":false},"author":21,"featured_media":4388,"parent":0,"template":"","meta":{"advgb_blocks_editor_width":"","advgb_blocks_columns_visual_guide":""},"tags":[],"event_types":[28],"event_times":[],"acf":[],"featured_img":"https:\/\/aims-senegal.org\/wp-content\/uploads\/sites\/2\/2022\/02\/GALA-DE-FOOTBALL-AIMS-SENEGAL-1.png","coauthors":[],"author_meta":{"author_link":"https:\/\/aims-senegal.org\/fr\/author\/salif\/","display_name":"salif"},"relative_dates":{"created":"Publi\u00e9 4 ans il y a","modified":"Mis \u00e0 jour 4 ans il y a"},"absolute_dates":{"created":"Publi\u00e9 le f\u00e9vrier 18, 2022","modified":"Mise \u00e0 jour le f\u00e9vrier 18, 2022"},"absolute_dates_time":{"created":"Publi\u00e9 le f\u00e9vrier 18, 2022 8:53  ","modified":"Mise \u00e0 jour le f\u00e9vrier 18, 2022 9:03  "},"featured_img_caption":"","tax_additional":{"post_tag":{"linked":[],"unlinked":[],"slug":"post_tag","name":"\u00c9tiquettes"},"event_types":{"linked":["<a href=\"https:\/\/aims-senegal.org\/fr\/event_type\/public\/\" class=\"advgb-post-tax-term\">Public<\/a>"],"unlinked":["<span class=\"advgb-post-tax-term\">Public<\/span>"],"slug":"event_types","name":"Event Type"},"event_times":{"linked":[],"unlinked":[],"slug":"event_times","name":"Event Time"}},"series_order":"","_links":{"self":[{"href":"https:\/\/aims-senegal.org\/fr\/wp-json\/wp\/v2\/event\/4387"}],"collection":[{"href":"https:\/\/aims-senegal.org\/fr\/wp-json\/wp\/v2\/event"}],"about":[{"href":"https:\/\/aims-senegal.org\/fr\/wp-json\/wp\/v2\/types\/event"}],"author":[{"embeddable":true,"href":"https:\/\/aims-senegal.org\/fr\/wp-json\/wp\/v2\/users\/21"}],"version-history":[{"count":3,"href":"https:\/\/aims-senegal.org\/fr\/wp-json\/wp\/v2\/event\/4387\/revisions"}],"predecessor-version":[{"id":4392,"href":"https:\/\/aims-senegal.org\/fr\/wp-json\/wp\/v2\/event\/4387\/revisions\/4392"}],"wp:featuredmedia":[{"embeddable":true,"href":"https:\/\/aims-senegal.org\/fr\/wp-json\/wp\/v2\/media\/4388"}],"wp:attachment":[{"href":"https:\/\/aims-senegal.org\/fr\/wp-json\/wp\/v2\/media?parent=4387"}],"wp:term":[{"taxonomy":"post_tag","embeddable":true,"href":"https:\/\/aims-senegal.org\/fr\/wp-json\/wp\/v2\/tags?post=4387"},{"taxonomy":"event_types","embeddable":true,"href":"https:\/\/aims-senegal.org\/fr\/wp-json\/wp\/v2\/event_types?post=4387"},{"taxonomy":"event_times","embeddable":true,"href":"https:\/\/aims-senegal.org\/fr\/wp-json\/wp\/v2\/event_times?post=4387"}],"curies":[{"name":"wp","href":"https:\/\/api.w.org\/{rel}","templated":true}]}}